{"id":2531,"date":"2021-02-08T13:13:58","date_gmt":"2021-02-08T13:13:58","guid":{"rendered":"https:\/\/rccc.ro\/?page_id=2531"},"modified":"2025-12-21T08:42:31","modified_gmt":"2025-12-21T08:42:31","slug":"mesajul-presedintelui","status":"publish","type":"page","link":"https:\/\/rccc.ro\/en\/despre-rccc\/mesajul-presedintelui\/","title":{"rendered":"The Message of the President"},"content":{"rendered":"<section class=\"wpb-content-wrapper\"><p>[vc_row][vc_column][vc_column_text]<span style=\"font-size: 18px;\">Dragi colegi, dragi prieteni,<\/span><\/p>\n<p><img loading=\"lazy\" decoding=\"async\" class=\" wp-image-3986 alignleft\" src=\"https:\/\/rccc.ro\/wp-content\/uploads\/2025\/11\/Cristian_Gheorghe.jpg\" alt=\"\" width=\"184\" height=\"248\" \/>Este o mare onoare, dar \u0219i o mare responsabilitate s\u0103 preiau pozi\u021bia de Pre\u0219edinte al Clubului Rom\u00e2n pentru Boala Crohn \u0219i Colit\u0103 (RCCC) pentru perioada 2025-2027. \u00cempreun\u0103 cu membrii Comitetului Director al RCCC vom continua activitatea acestei societ\u0103\u021bi cu acelea\u0219i obiective pe care RCCC le-a avut \u00eenc\u0103 de la \u00eenfiin\u021bare: educa\u021bie, cercetare \u0219i, nu \u00een ultimul r\u00e2nd, cre\u0219terea calit\u0103\u021bii \u00eengrijirii pacien\u021bilor cu boli inflamatorii intestinale (IBD).<\/p>\n<p>Educa\u021bia va fi dedicat\u0103 medicilor reziden\u021bi gastroenterologi, medicilor speciali\u0219ti gastroenterologi, chirurgilor specializa\u021bi \u00een coloproctologie, medicilor de familie \u0219i asisten\u021bilor medicali implica\u021bi \u00een \u00eengrijirea acestor pacien\u021bi.<\/p>\n<p>Educa\u021bia pacien\u021bilor no\u0219tri este, de asemenea, un obiectiv major si din aceast\u0103 perspectiv\u0103 vom continua \u00eent\u00e2lnirile periodice cu Asocia\u021bia Pacien\u021bilor cu Boli Inflamatorii Intestinale (ASPIIR) at\u00e2t \u00een mediul virtual, c\u00e2t \u0219i \u00een-persoan\u0103, \u00een variate loca\u021bii, cu ocazia Congreselor, Conferin\u021belor \u0219i Simpozioanelor de gastroenterologie. Ne propunem s\u0103 stabilim o agend\u0103 a acestor \u00eent\u00e2lniri \u0219i s\u0103 sus\u021binem participarea membrilor ASPIIR cu ocazia evenimentelor de gastroenterologie desf\u0103\u0219urate \u00een loca\u021bii c\u00e2t mai apropiate de domiciliul lor.<\/p>\n<p>Vom organiza cursuri intensive de o zi (1-2 \u00een timpul unui an universitar) cu caracter interactiv, bazate pe cazuri clinice, pentru medicii reziden\u021bi de gastroenterologie \u0219i tinerii speciali\u0219ti gastroenterologi \u00een Centrele dedicate Pacien\u021bilor cu Boli Inflamatorii Intestinale din Bucure\u0219ti, Cluj, Craiova, Timi\u0219oara, Constan\u021ba \u0219i Ia\u0219i pentru a promova standardizarea \u0219i armonizarea practicii clinice \u0219i diseminarea ultimelor nout\u0103\u021bi \u0219tiin\u021bifice \u00een bolile inflamatorii intestinale.<\/p>\n<p>Un alt obiectiv important este \u00eembun\u0103t\u0103\u021birea colabor\u0103rii dintre Centrele dedicate prin \u00eent\u00e2lniri lunare virtuale \u00een cadrul c\u0103rora s\u0103 discut\u0103m \u00een mod organizat\/structurat pacien\u021bi cu afec\u021biuni complexe, condi\u021bii speciale sau comorbidit\u0103\u021bi. Aceste \u00eent\u00e2lniri vor fi programate dup\u0103 un calendar prestabilit, obiectivul lor fiind reprezentat de selec\u021bia celei mai bune solu\u021bii terapeutice \u0219i direc\u021bionarea pacien\u021bilor c\u0103tre centrele cu experien\u021b\u0103 \u00een tratamentele sau procedurile endoscopice sau chirurgicale decise, sau pentru \u00eenrolare \u00een trialuri clinice cu agen\u021bi terapeutici la care pacientul nu are acces. Aceste \u00eent\u00e2lniri multicentrice vor avea un caracter multidisciplinar prin invitarea medicilor radiologi, chirurgi, anatomopatologi \u0219i vor reprezenta nu numai un Consiliu decizional ci \u0219i un eveniment educa\u021bional prin \u00eencurajarea particip\u0103rii \u00a0tinerilor gastroenterologii la aceste discu\u021bii de cazuri.<\/p>\n<p>\u00cen condi\u021biile \u00een care este estimat\u0103 o cre\u0219tere f\u0103r\u0103 precedent a inciden\u021bei \u0219i prevalen\u021bei IBD la nivel mondial, anticip\u00e2ndu-se c\u0103 \u00een 2030 aproximativ 1% din popula\u021bia globului va purta un diagnostic de boala inflamatori intestinal\u0103, \u00eenregistrarea sistematic\u0103 a acestor pacien\u021bi \u00eentr-un Registru National pentru IBD va reprezenta un deziderat major pentru RCCC \u00een urm\u0103toarea perioad\u0103.<\/p>\n<p>Actualizarea site-ului RCCC r\u0103m\u00e2ne un obiectiv permanent pentru comunicare, networking, promovarea ghidurilor \u0219i protocoalelor, anun\u021buri utile pentru to\u021bi membrii societ\u0103\u021bii \u0219i pentru pacien\u021bii cu IBD.<\/p>\n<p>Concluzion\u00e2nd obiectivele pentru urmatoarea perioada: 1) vom intensifica programele educa\u021bonale pentru medici \u0219i pacien\u021bi; 2) vom consolida rela\u021bia cu ASPIIR, vom promova informarea corect\u0103 \u0219i angajarea pacien\u021bilor \u00een \u00a0procesul decizional privind sselec\u021bia terapiilor avansate \u0219i vom populariza participarea la studiile clinice; 3) vom continua \u00eenregistrarea datelor pacien\u021bilor \u00een registre nationale sus\u021binute de RCCC \u0219i vom incepe demersuri pentru crearea unui Registru\u00a0 National Unic sub auspiciile Casei Nationale de Asigurari de S\u0103n\u0103tate; 4) vom promova tehnologiile digitale si telemedicina pentru monitorizare pacien\u021bilor , management \u0219i acces la Centrele Dedicate Pacien\u021bilor cu IBD; 5) vom intensifica colaborarea cu ECCO si Centrele Europene dedicate IBD .<\/p>\n<p>&nbsp;<\/p>\n<p>Pre\u0219edinte<\/p>\n<p>Prof. dr. Cristian Gheorghe\u00a0\u00a0\u00a0\u00a0\u00a0\u00a0\u00a0\u00a0\u00a0\u00a0\u00a0\u00a0\u00a0\u00a0\u00a0\u00a0\u00a0\u00a0\u00a0\u00a0\u00a0\u00a0\u00a0\u00a0\u00a0\u00a0\u00a0\u00a0\u00a0\u00a0\u00a0\u00a0\u00a0\u00a0\u00a0\u00a0\u00a0\u00a0\u00a0\u00a0\u00a0\u00a0\u00a0 \u00a0\u00a0\u00a0\u00a0\u00a0\u00a0\u00a0\u00a0\u00a0 Octombrie 2025[\/vc_column_text][vc_column_text]\u00a0[\/vc_column_text][\/vc_column][\/vc_row]<\/p>\n<\/section>","protected":false},"excerpt":{"rendered":"<p>[vc_row][vc_column][vc_column_text]Dragi colegi, dragi prieteni, Este o mare onoare, dar \u0219i o mare responsabilitate s\u0103 preiau pozi\u021bia de Pre\u0219edinte al Clubului Rom\u00e2n pentru Boala Crohn \u0219i Colit\u0103 (RCCC) pentru perioada 2025-2027. \u00cempreun\u0103 cu membrii Comitetului Director al RCCC vom continua activitatea acestei societ\u0103\u021bi cu acelea\u0219i obiective pe care RCCC le-a avut \u00eenc\u0103 de la \u00eenfiin\u021bare: educa\u021bie, [&hellip;]<\/p>\n","protected":false},"author":1,"featured_media":0,"parent":2502,"menu_order":0,"comment_status":"closed","ping_status":"closed","template":"","meta":{"footnotes":""},"class_list":["post-2531","page","type-page","status-publish","hentry"],"_links":{"self":[{"href":"https:\/\/rccc.ro\/en\/wp-json\/wp\/v2\/pages\/2531","targetHints":{"allow":["GET"]}}],"collection":[{"href":"https:\/\/rccc.ro\/en\/wp-json\/wp\/v2\/pages"}],"about":[{"href":"https:\/\/rccc.ro\/en\/wp-json\/wp\/v2\/types\/page"}],"author":[{"embeddable":true,"href":"https:\/\/rccc.ro\/en\/wp-json\/wp\/v2\/users\/1"}],"replies":[{"embeddable":true,"href":"https:\/\/rccc.ro\/en\/wp-json\/wp\/v2\/comments?post=2531"}],"version-history":[{"count":9,"href":"https:\/\/rccc.ro\/en\/wp-json\/wp\/v2\/pages\/2531\/revisions"}],"predecessor-version":[{"id":4184,"href":"https:\/\/rccc.ro\/en\/wp-json\/wp\/v2\/pages\/2531\/revisions\/4184"}],"up":[{"embeddable":true,"href":"https:\/\/rccc.ro\/en\/wp-json\/wp\/v2\/pages\/2502"}],"wp:attachment":[{"href":"https:\/\/rccc.ro\/en\/wp-json\/wp\/v2\/media?parent=2531"}],"curies":[{"name":"wp","href":"https:\/\/api.w.org\/{rel}","templated":true}]}}